{"id":221,"date":"2019-03-04T12:38:29","date_gmt":"2019-03-04T11:38:29","guid":{"rendered":"http:\/\/eden4.art\/?page_id=221"},"modified":"2022-11-09T14:41:21","modified_gmt":"2022-11-09T13:41:21","slug":"gdpr","status":"publish","type":"page","link":"https:\/\/eden4.art\/index.php\/gdpr\/","title":{"rendered":"GDPR"},"content":{"rendered":"\n<ul><li><strong>Responsable du traitement des donn\u00e9es\npersonnelles&nbsp;:<\/strong><\/li><\/ul>\n\n\n\n<p><br> &nbsp;<a href=\"mailto:contact@eden4.art\">contact@eden4.art<\/a> <br> <br> <\/p>\n\n\n\n<ul><li><strong>Traitement des donn\u00e9es personnelles<\/strong><\/li><\/ul>\n\n\n\n<ul><li><strong>Quel est l\u2019objectif du traitement&nbsp;?<\/strong><\/li><\/ul>\n\n\n\n<ul><li>Garder un carnet d\u2019adresses afin de pourvoir\nconserver les&nbsp; contact avec les\ndiff\u00e9rents intervenants collaborant avec EDEN4Art. Les coordonn\u00e9es des\npersonnes (noms, pr\u00e9noms, num\u00e9ros de t\u00e9l\u00e9phone\/GSM, adresses mail) sont\nconserv\u00e9es en s\u00e9curit\u00e9 dans le carnet d\u2019adresses de la bo\u00eete mail d\u2019Eden4Art\nasbl ainsi que dans un DropBox. <\/li><li>Publier des photos et vid\u00e9os des \u00e9v\u00e9nements\nafin d\u2019en faire la promotion et de faire vivre notre site internet et nos\nr\u00e9seaux sociaux (Instagram et Facebook).<\/li><\/ul>\n\n\n\n<ul><li><strong>Quelles sont les donn\u00e9es qui font l\u2019objet du\ntraitement&nbsp;?<\/strong><\/li><\/ul>\n\n\n\n<ul><li>Pr\u00e9nom, nom, adresse mail et num\u00e9ro de\nt\u00e9l\u00e9phone\/GSM de l\u2019intervenant.<\/li><li>Si l\u2019intervenant est mineur, nous demandons\nles nom, pr\u00e9nom, adresse mail et num\u00e9ro de t\u00e9l\u00e9phone\/GSM de la personne\nresponsable de celui-ci.<\/li><li>L\u2019image de l\u2019intervenant (photos et vid\u00e9os).<\/li><\/ul>\n\n\n\n<ul><li><strong>Quelle est la dur\u00e9e de conservation de ces\ndonn\u00e9es ou quels sont les crit\u00e8res permettant d\u2019en d\u00e9terminer la dur\u00e9e&nbsp;?<\/strong><\/li><\/ul>\n\n\n\n<p>Les informations sont conserv\u00e9es tant que\nl\u2019intervenant et Eden4Art maintiennent une relation en&nbsp;lien avec la raison\nsociale d\u2019Eden4Art. <\/p>\n\n\n\n<ul><li><strong>Les donn\u00e9es faisant l\u2019objet du traitement\nsont-elles destin\u00e9es \u00e0 \u00eatre transf\u00e9r\u00e9es \u00e0 un tiers ou \u00e0 une organisation&nbsp;?<\/strong><\/li><\/ul>\n\n\n\n<p>Les donn\u00e9es ne sont pas divulgu\u00e9es \u00e0 un tiers ou\n\u00e0 une autre organisation. Elles permettent de maintenir le contact entre l\u2019asbl\net l\u2019intervenant. <\/p>\n\n\n\n<ul><li><strong>En cas de probl\u00e8me<\/strong><\/li><\/ul>\n\n\n\n<p>Si conflit\nentre l\u2019asbl et l\u2019intervenant il y a, ce dernier peut introduire une\nr\u00e9clamation aupr\u00e8s de l\u2019organisme suivant&nbsp;:<\/p>\n\n\n\n<p><strong>Autorit\u00e9 de protection des donn\u00e9es<\/strong><\/p>\n\n\n\n<p>Rue de la presse,\n35<\/p>\n\n\n\n<p>1000 Bruxelles<\/p>\n\n\n\n<figure class=\"wp-block-embed\"><div class=\"wp-block-embed__wrapper\">\nhttps:\/\/www.autoriteprotectiondonnees.be\/\n<\/div><\/figure>\n","protected":false},"excerpt":{"rendered":"<p>Responsable du traitement des donn\u00e9es personnelles&nbsp;: &nbsp;contact@eden4.art Traitement des donn\u00e9es personnelles Quel est l\u2019objectif du traitement&nbsp;? Garder un carnet d\u2019adresses afin de pourvoir conserver les&nbsp; contact avec les diff\u00e9rents intervenants collaborant avec EDEN4Art. Les coordonn\u00e9es des personnes (noms, pr\u00e9noms, num\u00e9ros de t\u00e9l\u00e9phone\/GSM, adresses mail) sont conserv\u00e9es en s\u00e9curit\u00e9 dans le carnet d\u2019adresses de la bo\u00eete&hellip;<\/p>\n","protected":false},"author":1,"featured_media":0,"parent":0,"menu_order":5,"comment_status":"closed","ping_status":"closed","template":"","meta":[],"_links":{"self":[{"href":"https:\/\/eden4.art\/index.php\/wp-json\/wp\/v2\/pages\/221"}],"collection":[{"href":"https:\/\/eden4.art\/index.php\/wp-json\/wp\/v2\/pages"}],"about":[{"href":"https:\/\/eden4.art\/index.php\/wp-json\/wp\/v2\/types\/page"}],"author":[{"embeddable":true,"href":"https:\/\/eden4.art\/index.php\/wp-json\/wp\/v2\/users\/1"}],"replies":[{"embeddable":true,"href":"https:\/\/eden4.art\/index.php\/wp-json\/wp\/v2\/comments?post=221"}],"version-history":[{"count":3,"href":"https:\/\/eden4.art\/index.php\/wp-json\/wp\/v2\/pages\/221\/revisions"}],"predecessor-version":[{"id":448,"href":"https:\/\/eden4.art\/index.php\/wp-json\/wp\/v2\/pages\/221\/revisions\/448"}],"wp:attachment":[{"href":"https:\/\/eden4.art\/index.php\/wp-json\/wp\/v2\/media?parent=221"}],"curies":[{"name":"wp","href":"https:\/\/api.w.org\/{rel}","templated":true}]}}